{"id":2756,"date":"2021-07-13T13:31:48","date_gmt":"2021-07-13T13:31:48","guid":{"rendered":"https:\/\/vti.uchile.cl\/ayudatecnologica\/?post_type=ht_kb&#038;p=2756"},"modified":"2023-10-11T13:14:57","modified_gmt":"2023-10-11T13:14:57","slug":"acceso-rapido-google-meet","status":"publish","type":"ht_kb","link":"https:\/\/vti.uchile.cl\/ayudatecnologica\/articulo\/acceso-rapido-google-meet\/","title":{"rendered":"Acceso r\u00e1pido Google Meet"},"content":{"rendered":"    \t\t<div class=\"hts-messages hts-messages--info  hts-messages--withtitle hts-messages--withicon \"   >\r\n    \t\t\t<span class=\"hts-messages__title\">IMPORTANTE<\/span>    \t\t\t    \t\t\t\t<p>\r\n    \t\t\t\t\t<\/p>\n<ul>\n<li>Esta opci\u00f3n est\u00e1 disponible <strong>solo para el organizador<\/strong> de la reuni\u00f3n.<\/li>\n<\/ul>\n<p>    \t\t\t\t<\/p>\r\n    \t\t\t    \t\t\t\r\n    \t\t<\/div><!-- \/.ht-shortcodes-messages -->\r\n    \t\t\n<p>A finales del 2020, Google habilit\u00f3 la opci\u00f3n \u201cAcceso r\u00e1pido de Google Meet\u201d, como una forma de incrementar la seguridad de quienes pueden ingresar a una reuni\u00f3n. De esta forma, qui\u00e9n crea la reuni\u00f3n (organizador\/a) es quien controla si los participantes pueden unirse autom\u00e1ticamente o deben esperar a que el organizador\/a ingrese primero y los autorice.<\/p>\n<p>Esta opci\u00f3n est\u00e1 <span style=\"color: #333399;\"><strong>activada <\/strong><\/span>de forma autom\u00e1tica, es decir, <strong><span style=\"color: #333399;\">los asistentes pueden ingresar sin tener que esperar al organizador<\/span><\/strong>. Al estar <span style=\"color: #ff9900;\"><strong>desactivada, los asistentes necesitan que el organizador ingrese primero y los autorice a conectarse<\/strong><\/span>:<\/p>\n<p><a href=\"https:\/\/vti.uchile.cl\/ayudatecnologica\/wp-content\/uploads\/2021\/07\/acceso_rapido3.png\"><img loading=\"lazy\" decoding=\"async\" class=\"aligncenter wp-image-2770 size-full\" src=\"https:\/\/vti.uchile.cl\/ayudatecnologica\/wp-content\/uploads\/2021\/07\/acceso_rapido3.png\" alt=\"\" width=\"848\" height=\"399\" srcset=\"https:\/\/vti.uchile.cl\/ayudatecnologica\/wp-content\/uploads\/2021\/07\/acceso_rapido3.png 848w, https:\/\/vti.uchile.cl\/ayudatecnologica\/wp-content\/uploads\/2021\/07\/acceso_rapido3-300x141.png 300w, https:\/\/vti.uchile.cl\/ayudatecnologica\/wp-content\/uploads\/2021\/07\/acceso_rapido3-768x361.png 768w, https:\/\/vti.uchile.cl\/ayudatecnologica\/wp-content\/uploads\/2021\/07\/acceso_rapido3-50x24.png 50w, https:\/\/vti.uchile.cl\/ayudatecnologica\/wp-content\/uploads\/2021\/07\/acceso_rapido3-60x28.png 60w, https:\/\/vti.uchile.cl\/ayudatecnologica\/wp-content\/uploads\/2021\/07\/acceso_rapido3-100x47.png 100w\" sizes=\"auto, (max-width: 848px) 100vw, 848px\" \/><\/a><\/p>\n<p>&nbsp;<\/p>\n<p>A continuaci\u00f3n encontrar\u00e1s el paso a paso para activar o desactivar esta opci\u00f3n en las siguientes situaciones:<\/p>\n    \t\t<div class=\"hts-toggle  \"  >\r\n    \t\t\t<div class=\"hts-toggle__title\">En una reuni\u00f3n en curso<\/div>\r\n    \t\t\t<div class=\"hts-toggle__content\">\r\n    \t\t\t\t<div class=\"hts-toggle__contentwrap\">\r\n    \t\t\t\t\t<\/p>\n<ul>\n<li>En la parte inferior de la reuni\u00f3n haz clic en <strong>Configuraci\u00f3n<\/strong>.<\/li>\n<\/ul>\n<p><a href=\"https:\/\/vti.uchile.cl\/ayudatecnologica\/wp-content\/uploads\/2021\/07\/acceso_rapido7.png\"><img loading=\"lazy\" decoding=\"async\" class=\"aligncenter wp-image-2774 size-full\" src=\"https:\/\/vti.uchile.cl\/ayudatecnologica\/wp-content\/uploads\/2021\/07\/acceso_rapido7.png\" alt=\"\" width=\"899\" height=\"910\" srcset=\"https:\/\/vti.uchile.cl\/ayudatecnologica\/wp-content\/uploads\/2021\/07\/acceso_rapido7.png 899w, https:\/\/vti.uchile.cl\/ayudatecnologica\/wp-content\/uploads\/2021\/07\/acceso_rapido7-296x300.png 296w, https:\/\/vti.uchile.cl\/ayudatecnologica\/wp-content\/uploads\/2021\/07\/acceso_rapido7-768x777.png 768w, https:\/\/vti.uchile.cl\/ayudatecnologica\/wp-content\/uploads\/2021\/07\/acceso_rapido7-50x50.png 50w, https:\/\/vti.uchile.cl\/ayudatecnologica\/wp-content\/uploads\/2021\/07\/acceso_rapido7-60x60.png 60w, https:\/\/vti.uchile.cl\/ayudatecnologica\/wp-content\/uploads\/2021\/07\/acceso_rapido7-100x100.png 100w\" sizes=\"auto, (max-width: 899px) 100vw, 899px\" \/><\/a> <a href=\"https:\/\/vti.uchile.cl\/ayudatecnologica\/wp-content\/uploads\/2021\/07\/acceso_rapido8.png\"><img loading=\"lazy\" decoding=\"async\" class=\"aligncenter wp-image-2775 size-medium\" src=\"https:\/\/vti.uchile.cl\/ayudatecnologica\/wp-content\/uploads\/2021\/07\/acceso_rapido8-e1626185498535-242x300.png\" alt=\"\" width=\"242\" height=\"300\" srcset=\"https:\/\/vti.uchile.cl\/ayudatecnologica\/wp-content\/uploads\/2021\/07\/acceso_rapido8-e1626185498535-242x300.png 242w, https:\/\/vti.uchile.cl\/ayudatecnologica\/wp-content\/uploads\/2021\/07\/acceso_rapido8-e1626185498535-40x50.png 40w, https:\/\/vti.uchile.cl\/ayudatecnologica\/wp-content\/uploads\/2021\/07\/acceso_rapido8-e1626185498535-48x60.png 48w, https:\/\/vti.uchile.cl\/ayudatecnologica\/wp-content\/uploads\/2021\/07\/acceso_rapido8-e1626185498535-81x100.png 81w, https:\/\/vti.uchile.cl\/ayudatecnologica\/wp-content\/uploads\/2021\/07\/acceso_rapido8-e1626185498535.png 389w\" sizes=\"auto, (max-width: 242px) 100vw, 242px\" \/><\/a><\/p>\n<p>&nbsp;<\/p>\n<ul>\n<li>Luego, haz clic en <strong>Controles del organizador<\/strong>. Haz clic en el <strong>interruptor situado junto a la opci\u00f3n Acceso r\u00e1pido<\/strong> para activarla o desactivarla.<\/li>\n<\/ul>\n<p><a href=\"https:\/\/vti.uchile.cl\/ayudatecnologica\/wp-content\/uploads\/2021\/07\/acceso_rapido9.png\"><img loading=\"lazy\" decoding=\"async\" class=\"aligncenter wp-image-2776 size-full\" src=\"https:\/\/vti.uchile.cl\/ayudatecnologica\/wp-content\/uploads\/2021\/07\/acceso_rapido9-e1626185454339.png\" alt=\"\" width=\"791\" height=\"627\" srcset=\"https:\/\/vti.uchile.cl\/ayudatecnologica\/wp-content\/uploads\/2021\/07\/acceso_rapido9-e1626185454339.png 791w, https:\/\/vti.uchile.cl\/ayudatecnologica\/wp-content\/uploads\/2021\/07\/acceso_rapido9-e1626185454339-300x238.png 300w, https:\/\/vti.uchile.cl\/ayudatecnologica\/wp-content\/uploads\/2021\/07\/acceso_rapido9-e1626185454339-768x609.png 768w, https:\/\/vti.uchile.cl\/ayudatecnologica\/wp-content\/uploads\/2021\/07\/acceso_rapido9-e1626185454339-50x40.png 50w, https:\/\/vti.uchile.cl\/ayudatecnologica\/wp-content\/uploads\/2021\/07\/acceso_rapido9-e1626185454339-60x48.png 60w, https:\/\/vti.uchile.cl\/ayudatecnologica\/wp-content\/uploads\/2021\/07\/acceso_rapido9-e1626185454339-100x79.png 100w\" sizes=\"auto, (max-width: 791px) 100vw, 791px\" \/><\/a><\/p>\n<p>\n    \t\t\t\t<\/div>\r\n    \t\t\t<\/div><!-- \/ht-toggle-content -->\r\n    \t\t<\/div>\r\n    \t\t\n    \t\t<div class=\"hts-toggle  \"  >\r\n    \t\t\t<div class=\"hts-toggle__title\">Al crear una reuni\u00f3n desde Google Calendar<\/div>\r\n    \t\t\t<div class=\"hts-toggle__content\">\r\n    \t\t\t\t<div class=\"hts-toggle__contentwrap\">\r\n    \t\t\t\t\t<\/p>\n<ul>\n<li>Al crear un evento, haz clic en <strong>A\u00f1adir videollamada de Google Meet<\/strong>.<\/li>\n<\/ul>\n<p><a href=\"https:\/\/vti.uchile.cl\/ayudatecnologica\/wp-content\/uploads\/2021\/07\/acceso_rapido1.png\"><img loading=\"lazy\" decoding=\"async\" class=\"aligncenter wp-image-2768 size-medium\" src=\"https:\/\/vti.uchile.cl\/ayudatecnologica\/wp-content\/uploads\/2021\/07\/acceso_rapido1-300x262.png\" alt=\"\" width=\"300\" height=\"262\" srcset=\"https:\/\/vti.uchile.cl\/ayudatecnologica\/wp-content\/uploads\/2021\/07\/acceso_rapido1-300x262.png 300w, https:\/\/vti.uchile.cl\/ayudatecnologica\/wp-content\/uploads\/2021\/07\/acceso_rapido1-50x44.png 50w, https:\/\/vti.uchile.cl\/ayudatecnologica\/wp-content\/uploads\/2021\/07\/acceso_rapido1-60x52.png 60w, https:\/\/vti.uchile.cl\/ayudatecnologica\/wp-content\/uploads\/2021\/07\/acceso_rapido1-100x87.png 100w, https:\/\/vti.uchile.cl\/ayudatecnologica\/wp-content\/uploads\/2021\/07\/acceso_rapido1.png 609w\" sizes=\"auto, (max-width: 300px) 100vw, 300px\" \/><\/a><\/p>\n<p>&nbsp;<\/p>\n<ul>\n<li>Luego a la derecha, haz clic en <strong>Cambiar configuraci\u00f3n de conferencia<\/strong>.<\/li>\n<\/ul>\n<p><a href=\"https:\/\/vti.uchile.cl\/ayudatecnologica\/wp-content\/uploads\/2021\/07\/acceso_rapido2.png\"><img loading=\"lazy\" decoding=\"async\" class=\"aligncenter wp-image-2769 size-full\" src=\"https:\/\/vti.uchile.cl\/ayudatecnologica\/wp-content\/uploads\/2021\/07\/acceso_rapido2.png\" alt=\"\" width=\"587\" height=\"83\" srcset=\"https:\/\/vti.uchile.cl\/ayudatecnologica\/wp-content\/uploads\/2021\/07\/acceso_rapido2.png 587w, https:\/\/vti.uchile.cl\/ayudatecnologica\/wp-content\/uploads\/2021\/07\/acceso_rapido2-300x42.png 300w, https:\/\/vti.uchile.cl\/ayudatecnologica\/wp-content\/uploads\/2021\/07\/acceso_rapido2-50x7.png 50w, https:\/\/vti.uchile.cl\/ayudatecnologica\/wp-content\/uploads\/2021\/07\/acceso_rapido2-60x8.png 60w, https:\/\/vti.uchile.cl\/ayudatecnologica\/wp-content\/uploads\/2021\/07\/acceso_rapido2-100x14.png 100w\" sizes=\"auto, (max-width: 587px) 100vw, 587px\" \/><\/a><\/p>\n<p>&nbsp;<\/p>\n<ul>\n<li><strong>Marca la casilla situada junto a Acceso r\u00e1pido<\/strong> y luego haz clic en <strong>Guardar<\/strong>.<\/li>\n<\/ul>\n<p><a href=\"https:\/\/vti.uchile.cl\/ayudatecnologica\/wp-content\/uploads\/2021\/07\/acceso_rapido3.png\"><img loading=\"lazy\" decoding=\"async\" class=\"aligncenter size-full wp-image-2770\" src=\"https:\/\/vti.uchile.cl\/ayudatecnologica\/wp-content\/uploads\/2021\/07\/acceso_rapido3.png\" alt=\"\" width=\"848\" height=\"399\" srcset=\"https:\/\/vti.uchile.cl\/ayudatecnologica\/wp-content\/uploads\/2021\/07\/acceso_rapido3.png 848w, https:\/\/vti.uchile.cl\/ayudatecnologica\/wp-content\/uploads\/2021\/07\/acceso_rapido3-300x141.png 300w, https:\/\/vti.uchile.cl\/ayudatecnologica\/wp-content\/uploads\/2021\/07\/acceso_rapido3-768x361.png 768w, https:\/\/vti.uchile.cl\/ayudatecnologica\/wp-content\/uploads\/2021\/07\/acceso_rapido3-50x24.png 50w, https:\/\/vti.uchile.cl\/ayudatecnologica\/wp-content\/uploads\/2021\/07\/acceso_rapido3-60x28.png 60w, https:\/\/vti.uchile.cl\/ayudatecnologica\/wp-content\/uploads\/2021\/07\/acceso_rapido3-100x47.png 100w\" sizes=\"auto, (max-width: 848px) 100vw, 848px\" \/><\/a><\/p>\n<ul>\n<li>Ahora la reuni\u00f3n se encuentra con Acceso r\u00e1pido habilitado.<\/li>\n<\/ul>\n<p>\n    \t\t\t\t<\/div>\r\n    \t\t\t<\/div><!-- \/ht-toggle-content -->\r\n    \t\t<\/div>\r\n    \t\t\n    \t\t<div class=\"hts-toggle  \"  >\r\n    \t\t\t<div class=\"hts-toggle__title\">En una reuni\u00f3n previamente creada en Google Calendar<\/div>\r\n    \t\t\t<div class=\"hts-toggle__content\">\r\n    \t\t\t\t<div class=\"hts-toggle__contentwrap\">\r\n    \t\t\t\t\t<\/p>\n<ul>\n<li>Haz clic en una reuni\u00f3n y luego haz clic en <strong>Editar evento<\/strong>.<\/li>\n<\/ul>\n<p><a href=\"https:\/\/vti.uchile.cl\/ayudatecnologica\/wp-content\/uploads\/2021\/07\/acceso_rapido4.png\"><img loading=\"lazy\" decoding=\"async\" class=\"aligncenter size-large wp-image-2771\" src=\"https:\/\/vti.uchile.cl\/ayudatecnologica\/wp-content\/uploads\/2021\/07\/acceso_rapido4-1024x547.png\" alt=\"\" width=\"643\" height=\"343\" srcset=\"https:\/\/vti.uchile.cl\/ayudatecnologica\/wp-content\/uploads\/2021\/07\/acceso_rapido4-1024x547.png 1024w, https:\/\/vti.uchile.cl\/ayudatecnologica\/wp-content\/uploads\/2021\/07\/acceso_rapido4-300x160.png 300w, https:\/\/vti.uchile.cl\/ayudatecnologica\/wp-content\/uploads\/2021\/07\/acceso_rapido4-768x410.png 768w, https:\/\/vti.uchile.cl\/ayudatecnologica\/wp-content\/uploads\/2021\/07\/acceso_rapido4-50x27.png 50w, https:\/\/vti.uchile.cl\/ayudatecnologica\/wp-content\/uploads\/2021\/07\/acceso_rapido4-1536x820.png 1536w, https:\/\/vti.uchile.cl\/ayudatecnologica\/wp-content\/uploads\/2021\/07\/acceso_rapido4-60x32.png 60w, https:\/\/vti.uchile.cl\/ayudatecnologica\/wp-content\/uploads\/2021\/07\/acceso_rapido4-100x53.png 100w, https:\/\/vti.uchile.cl\/ayudatecnologica\/wp-content\/uploads\/2021\/07\/acceso_rapido4.png 1755w\" sizes=\"auto, (max-width: 643px) 100vw, 643px\" \/><\/a><a href=\"https:\/\/vti.uchile.cl\/ayudatecnologica\/wp-content\/uploads\/2021\/07\/acceso_rapido5.png\"><img loading=\"lazy\" decoding=\"async\" class=\"aligncenter size-full wp-image-2772\" src=\"https:\/\/vti.uchile.cl\/ayudatecnologica\/wp-content\/uploads\/2021\/07\/acceso_rapido5.png\" alt=\"\" width=\"448\" height=\"315\" srcset=\"https:\/\/vti.uchile.cl\/ayudatecnologica\/wp-content\/uploads\/2021\/07\/acceso_rapido5.png 448w, https:\/\/vti.uchile.cl\/ayudatecnologica\/wp-content\/uploads\/2021\/07\/acceso_rapido5-300x211.png 300w, https:\/\/vti.uchile.cl\/ayudatecnologica\/wp-content\/uploads\/2021\/07\/acceso_rapido5-50x35.png 50w, https:\/\/vti.uchile.cl\/ayudatecnologica\/wp-content\/uploads\/2021\/07\/acceso_rapido5-60x42.png 60w, https:\/\/vti.uchile.cl\/ayudatecnologica\/wp-content\/uploads\/2021\/07\/acceso_rapido5-100x70.png 100w\" sizes=\"auto, (max-width: 448px) 100vw, 448px\" \/><\/a><\/p>\n<p>&nbsp;<\/p>\n<ul>\n<li>En la informaci\u00f3n del evento, haz clic en <strong>Cambiar configuraci\u00f3n de conferencia<\/strong>.<\/li>\n<\/ul>\n<p><a href=\"https:\/\/vti.uchile.cl\/ayudatecnologica\/wp-content\/uploads\/2021\/07\/acceso_rapido6.png\"><img loading=\"lazy\" decoding=\"async\" class=\"aligncenter size-large wp-image-2773\" src=\"https:\/\/vti.uchile.cl\/ayudatecnologica\/wp-content\/uploads\/2021\/07\/acceso_rapido6-1024x707.png\" alt=\"\" width=\"643\" height=\"444\" srcset=\"https:\/\/vti.uchile.cl\/ayudatecnologica\/wp-content\/uploads\/2021\/07\/acceso_rapido6-1024x707.png 1024w, https:\/\/vti.uchile.cl\/ayudatecnologica\/wp-content\/uploads\/2021\/07\/acceso_rapido6-300x207.png 300w, https:\/\/vti.uchile.cl\/ayudatecnologica\/wp-content\/uploads\/2021\/07\/acceso_rapido6-768x530.png 768w, https:\/\/vti.uchile.cl\/ayudatecnologica\/wp-content\/uploads\/2021\/07\/acceso_rapido6-50x35.png 50w, https:\/\/vti.uchile.cl\/ayudatecnologica\/wp-content\/uploads\/2021\/07\/acceso_rapido6-60x41.png 60w, https:\/\/vti.uchile.cl\/ayudatecnologica\/wp-content\/uploads\/2021\/07\/acceso_rapido6-100x69.png 100w, https:\/\/vti.uchile.cl\/ayudatecnologica\/wp-content\/uploads\/2021\/07\/acceso_rapido6.png 1160w\" sizes=\"auto, (max-width: 643px) 100vw, 643px\" \/><\/a><\/p>\n<ul>\n<li><strong>Marca la casilla situada junto a Acceso r\u00e1pido<\/strong> y luego haz clic en <strong>Guardar<\/strong>.<\/li>\n<\/ul>\n<p><a href=\"https:\/\/vti.uchile.cl\/ayudatecnologica\/wp-content\/uploads\/2021\/07\/acceso_rapido3.png\"><img loading=\"lazy\" decoding=\"async\" class=\"aligncenter size-full wp-image-2770\" src=\"https:\/\/vti.uchile.cl\/ayudatecnologica\/wp-content\/uploads\/2021\/07\/acceso_rapido3.png\" alt=\"\" width=\"848\" height=\"399\" srcset=\"https:\/\/vti.uchile.cl\/ayudatecnologica\/wp-content\/uploads\/2021\/07\/acceso_rapido3.png 848w, https:\/\/vti.uchile.cl\/ayudatecnologica\/wp-content\/uploads\/2021\/07\/acceso_rapido3-300x141.png 300w, https:\/\/vti.uchile.cl\/ayudatecnologica\/wp-content\/uploads\/2021\/07\/acceso_rapido3-768x361.png 768w, https:\/\/vti.uchile.cl\/ayudatecnologica\/wp-content\/uploads\/2021\/07\/acceso_rapido3-50x24.png 50w, https:\/\/vti.uchile.cl\/ayudatecnologica\/wp-content\/uploads\/2021\/07\/acceso_rapido3-60x28.png 60w, https:\/\/vti.uchile.cl\/ayudatecnologica\/wp-content\/uploads\/2021\/07\/acceso_rapido3-100x47.png 100w\" sizes=\"auto, (max-width: 848px) 100vw, 848px\" \/><\/a><\/p>\n<ul>\n<li>Ahora la reuni\u00f3n se encuentra con Acceso r\u00e1pido habilitado.<\/li>\n<\/ul>\n<p>\n    \t\t\t\t<\/div>\r\n    \t\t\t<\/div><!-- \/ht-toggle-content -->\r\n    \t\t<\/div>\r\n    \t\t\n","protected":false},"excerpt":{"rendered":"<p>A finales del 2020, Google habilit\u00f3 la opci\u00f3n \u201cAcceso r\u00e1pido de Google Meet\u201d, como una forma de incrementar la seguridad de quienes pueden ingresar a una reuni\u00f3n. De esta forma, qui\u00e9n crea la reuni\u00f3n (organizador\/a) es quien controla si los participantes pueden unirse autom\u00e1ticamente o deben esperar a que el&#8230;<\/p>\n","protected":false},"author":2,"comment_status":"closed","ping_status":"closed","template":"","format":"standard","meta":{"footnotes":"","_links_to":"","_links_to_target":""},"ht-kb-category":[19],"ht-kb-tag":[],"class_list":["post-2756","ht_kb","type-ht_kb","status-publish","format-standard","hentry","ht_kb_category-videoconferencia"],"_links":{"self":[{"href":"https:\/\/vti.uchile.cl\/ayudatecnologica\/wp-json\/wp\/v2\/ht-kb\/2756","targetHints":{"allow":["GET"]}}],"collection":[{"href":"https:\/\/vti.uchile.cl\/ayudatecnologica\/wp-json\/wp\/v2\/ht-kb"}],"about":[{"href":"https:\/\/vti.uchile.cl\/ayudatecnologica\/wp-json\/wp\/v2\/types\/ht_kb"}],"author":[{"embeddable":true,"href":"https:\/\/vti.uchile.cl\/ayudatecnologica\/wp-json\/wp\/v2\/users\/2"}],"replies":[{"embeddable":true,"href":"https:\/\/vti.uchile.cl\/ayudatecnologica\/wp-json\/wp\/v2\/comments?post=2756"}],"version-history":[{"count":19,"href":"https:\/\/vti.uchile.cl\/ayudatecnologica\/wp-json\/wp\/v2\/ht-kb\/2756\/revisions"}],"predecessor-version":[{"id":2804,"href":"https:\/\/vti.uchile.cl\/ayudatecnologica\/wp-json\/wp\/v2\/ht-kb\/2756\/revisions\/2804"}],"wp:attachment":[{"href":"https:\/\/vti.uchile.cl\/ayudatecnologica\/wp-json\/wp\/v2\/media?parent=2756"}],"wp:term":[{"taxonomy":"ht_kb_category","embeddable":true,"href":"https:\/\/vti.uchile.cl\/ayudatecnologica\/wp-json\/wp\/v2\/ht-kb-category?post=2756"},{"taxonomy":"ht_kb_tag","embeddable":true,"href":"https:\/\/vti.uchile.cl\/ayudatecnologica\/wp-json\/wp\/v2\/ht-kb-tag?post=2756"}],"curies":[{"name":"wp","href":"https:\/\/api.w.org\/{rel}","templated":true}]}}